{"id":77,"date":"2021-02-18T07:21:32","date_gmt":"2021-02-18T06:21:32","guid":{"rendered":"http:\/\/baudouinpadel.be\/?page_id=77"},"modified":"2023-02-18T10:47:34","modified_gmt":"2023-02-18T09:47:34","slug":"interclubs-tournois","status":"publish","type":"page","link":"https:\/\/baudouinpadel.be\/?page_id=77","title":{"rendered":"Interclubs &#8211; Tournois"},"content":{"rendered":"\n<p>Au cours de l&rsquo;ann\u00e9e 2023, notre club organisera des tournois et participera aux interclubs. Vous trouverez ci-dessous un r\u00e9sum\u00e9. <\/p>\n\n\n\n<p><strong>Tournois<\/strong><\/p>\n\n\n\n<p>Plusieurs tournois seront organis\u00e9s au cours de l\u2019ann\u00e9e. Bloquez vos agendas et rejoignez-nous&nbsp;!<\/p>\n\n\n\n<ul>\n<li>08\/05 &#8211; 14\/05&nbsp;: MD100, MD400 et WD300<\/li>\n\n\n\n<li>02\/06 &#8211; 04\/06&nbsp;: WD50 et WD100<\/li>\n\n\n\n<li>30\/06 &#8211; 02\/07&nbsp;: MX100 et MX300<\/li>\n\n\n\n<li>24\/07 &#8211; 30\/07&nbsp;: MD700, MD300 et WD50<\/li>\n\n\n\n<li>25\/08 &#8211; 27\/08&nbsp;: MD200 et MD100<\/li>\n\n\n\n<li>18\/09 &#8211; 24\/09&nbsp;: MD300, MD500 et WD200<\/li>\n<\/ul>\n\n\n\n<p><strong>Interclubs<\/strong><\/p>\n\n\n\n<p>Le Baudouin a pris la d\u00e9cision de continuer sa collaboration avec l\u2019<em>AFP<\/em> cette ann\u00e9e. Voici donc les horaires des rencontres Seniors par cat\u00e9gorie,&nbsp;comme communiqu\u00e9 par l\u2019AFP au d\u00e9but du mois de d\u00e9cembre :<\/p>\n\n\n\n<figure class=\"wp-block-image size-full\"><img loading=\"lazy\" decoding=\"async\" width=\"438\" height=\"222\" src=\"http:\/\/baudouinpadel.be\/wp-content\/uploads\/2023\/02\/newsletter-2023-fevr-FR-1.jpg\" alt=\"\" class=\"wp-image-615\" srcset=\"https:\/\/baudouinpadel.be\/wp-content\/uploads\/2023\/02\/newsletter-2023-fevr-FR-1.jpg 438w, https:\/\/baudouinpadel.be\/wp-content\/uploads\/2023\/02\/newsletter-2023-fevr-FR-1-300x152.jpg 300w\" sizes=\"(max-width: 438px) 100vw, 438px\" \/><\/figure>\n\n\n\n<p>Les phases de poule se joueront \u00e0 partir de la mi-mars, durant 5 week-ends cons\u00e9cutifs, dont voici les dates&nbsp;:<\/p>\n\n\n\n<ul>\n<li>18 et 19 mars<\/li>\n\n\n\n<li>25 et 26 mars<\/li>\n\n\n\n<li>1<sup>er<\/sup> et 2 avril<\/li>\n\n\n\n<li>8 et 9 avril<\/li>\n\n\n\n<li>15 et 16 avril<\/li>\n<\/ul>\n\n\n\n<p>Les \u00e9quipes sortant de poule entameront le tour final d\u00e8s le week-end du 22 avril avec une pause jusqu\u2019au 20 mai, du fait du WPT Brussels Open 2023 et des cong\u00e9s scolaires. Les finales des Interclubs AFP se d\u00e9rouleront les 17 et 18 juin 2023.<\/p>\n\n\n\n<p>En ce qui concerne <em>Tennis Vlaanderen<\/em>, voici les horaires des rencontres par cat\u00e9gorie&nbsp;:<\/p>\n\n\n\n<figure class=\"wp-block-image size-full\"><img loading=\"lazy\" decoding=\"async\" width=\"587\" height=\"278\" src=\"http:\/\/baudouinpadel.be\/wp-content\/uploads\/2023\/02\/newsletter-2023-fevr-FR-2.jpg\" alt=\"\" class=\"wp-image-616\" srcset=\"https:\/\/baudouinpadel.be\/wp-content\/uploads\/2023\/02\/newsletter-2023-fevr-FR-2.jpg 587w, https:\/\/baudouinpadel.be\/wp-content\/uploads\/2023\/02\/newsletter-2023-fevr-FR-2-300x142.jpg 300w\" sizes=\"(max-width: 587px) 100vw, 587px\" \/><\/figure>\n\n\n\n<p>Les phases de poule se joueront \u00e0 partir de la mi-avril, durant 5 week-ends cons\u00e9cutifs, dont voici les dates&nbsp;:<\/p>\n\n\n\n<ul>\n<li>14, 15 et 16 avril<\/li>\n\n\n\n<li>21, 22 et 23 avril<\/li>\n\n\n\n<li>28, 29 et 30 avril<\/li>\n\n\n\n<li>5, 6 et 7 mai<\/li>\n\n\n\n<li>12, 13 et 14 mai<\/li>\n<\/ul>\n\n\n\n<p>Les \u00e9quipes sortant de poule entameront le tour final d\u00e8s le week-end du 19 mai. Les finales des Interclubs Tennis Vlaanderen se d\u00e9rouleront les 16, 17 et 18 juin 2023.<\/p>\n\n\n\n<p>Pour pouvoir participer aux Interclubs (et tournois dans votre f\u00e9d\u00e9ration), votre affiliation au sein du Baudouin doit \u00eatre pay\u00e9e et valid\u00e9e par le club. Plus d\u2019informations \u00e0 ce sujet \u2013 voir section <strong><em>Affiliation et demande de transfert<\/em><\/strong>.<\/p>\n\n\n\n<p>En outre, il sera demand\u00e9 \u00e0 tout nouvel affili\u00e9 souhaitant prendre part aux interclubs de porter obligatoirement l\u2019\u00e9quipement du club (t-shirt et short\/jupe) reprenant le logo du Baudouin et de notre sponsor CUPRA. L\u2019\u00e9quipement, d\u2019une valeur de 50\u20ac, peut \u00eatre essay\u00e9 au bar via Micka du mercredi au samedi \u00e0 partir de 16h.<\/p>\n\n\n\n<p>Apr\u00e8s chaque rencontre d\u2019interclub jou\u00e9e \u00e0 domicile, un verre \u00e0 la charge du club sera offert.<\/p>\n\n\n\n<p><strong>Affiliation et demande de transfert<\/strong> Afin de renouveler votre licence AFP, merci de vous acquitter du montant de 30\u20ac sur le num\u00e9ro de compte BE79 0689 0977 3333, en pr\u00e9cisant votre nom et pr\u00e9nom. L\u2019affiliation Tennis Vlaanderen est, quant \u00e0 elle, incluse dans l\u2019abonnement du Baudouin Padel, dont le renouvellement a lieu au mois de mars.<\/p>\n\n\n\n<p><\/p>\n\n\n\n<p>Si vous \u00eates int\u00e9ress\u00e9, vous pouvez contacter Yves Deschamps pour plus d&rsquo;informations. Leurs coordonn\u00e9es se trouvent sur la page <a href=\"http:\/\/baudouinpadel.be\/?page_id=134\" data-type=\"page\" data-id=\"134\">Comit\u00e9<\/a><\/p>\n","protected":false},"excerpt":{"rendered":"<p>Au cours de l&rsquo;ann\u00e9e 2023, notre club organisera des tournois et participera aux interclubs. Vous trouverez ci-dessous un r\u00e9sum\u00e9. Tournois Plusieurs tournois seront organis\u00e9s au cours de l\u2019ann\u00e9e. Bloquez vos agendas et rejoignez-nous&nbsp;! Interclubs Le Baudouin a pris la d\u00e9cision de continuer sa collaboration avec l\u2019AFP cette ann\u00e9e. Voici donc les horaires des rencontres Seniors &hellip; <\/p>\n<p class=\"link-more\"><a href=\"https:\/\/baudouinpadel.be\/?page_id=77\" class=\"more-link\">Continuer la lecture<span class=\"screen-reader-text\"> de &laquo;&nbsp;Interclubs &#8211; Tournois&nbsp;&raquo;<\/span><\/a><\/p>\n","protected":false},"author":2,"featured_media":0,"parent":0,"menu_order":0,"comment_status":"closed","ping_status":"closed","template":"","meta":{"footnotes":""},"_links":{"self":[{"href":"https:\/\/baudouinpadel.be\/index.php?rest_route=\/wp\/v2\/pages\/77"}],"collection":[{"href":"https:\/\/baudouinpadel.be\/index.php?rest_route=\/wp\/v2\/pages"}],"about":[{"href":"https:\/\/baudouinpadel.be\/index.php?rest_route=\/wp\/v2\/types\/page"}],"author":[{"embeddable":true,"href":"https:\/\/baudouinpadel.be\/index.php?rest_route=\/wp\/v2\/users\/2"}],"replies":[{"embeddable":true,"href":"https:\/\/baudouinpadel.be\/index.php?rest_route=%2Fwp%2Fv2%2Fcomments&post=77"}],"version-history":[{"count":6,"href":"https:\/\/baudouinpadel.be\/index.php?rest_route=\/wp\/v2\/pages\/77\/revisions"}],"predecessor-version":[{"id":617,"href":"https:\/\/baudouinpadel.be\/index.php?rest_route=\/wp\/v2\/pages\/77\/revisions\/617"}],"wp:attachment":[{"href":"https:\/\/baudouinpadel.be\/index.php?rest_route=%2Fwp%2Fv2%2Fmedia&parent=77"}],"curies":[{"name":"wp","href":"https:\/\/api.w.org\/{rel}","templated":true}]}}